{"id":5815,"date":"2024-03-04T04:16:02","date_gmt":"2024-03-04T04:16:02","guid":{"rendered":"https:\/\/zeugma.org.tr\/?post_type=cpt_portfolio&#038;p=5815"},"modified":"2024-03-04T04:16:41","modified_gmt":"2024-03-04T04:16:41","slug":"bereket-tanrisi-demeter","status":"publish","type":"cpt_portfolio","link":"https:\/\/zeugma.org.tr\/en-gb\/portfolio\/bereket-tanrisi-demeter\/","title":{"rendered":"BEREKET TANRISI DEMETER"},"content":{"rendered":"\n<p>F\u0131rat ile ilgili tanr\u0131lar\u0131 bat\u0131 biti\u015fi\u011finde kare s\u0131\u011f bir havuz i\u00e7inde bu\u011fday ba\u015faklar\u0131 ve \u00e7i\u00e7eklerle ta\u00e7land\u0131r\u0131lm\u0131\u015f, sol omuzu \u00fczerinde bereket boynuzu olan Toprak ve \u00fcr\u00fcn tanr\u0131s\u0131 olan Demeter b\u00fcst\u00fcn\u00fcn oldu\u011fu mozaik yer al\u0131r. Burada mozaik ustas\u0131 \u00f6nce suyu F\u0131rat Nehir tanr\u0131lar\u0131n\u0131n oldu\u011fu havuzdan ge\u00e7irip sonra bolluk ve bereket tanr\u0131\u00e7as\u0131 Demeter\u2019in oldu\u011fu havuza ileterek F\u0131rat\u2019\u0131n \u00e7evresine sund\u011fu bolluk ve bereketi tasvir edip, \u00fcr\u00fcn ve \u00fcretem denklemini kurmu\u015ftur. Ayr\u0131ca, Demeter b\u00fcst\u00fc s\u0131ras\u0131yla sekizgen ku\u015fak, sekizgen dalga ku\u015fa\u011f\u0131, doksan derece d\u00f6nd\u00fcr\u00fclerek i\u00e7 i\u00e7e ge\u00e7irilen iki e\u015fkenar d\u00f6rtgen ve bu d\u00f6rtgenlerin sekiz k\u00f6\u015fesi aralar\u0131nda sekiz balta betimi bulunan bezeklerin merkezindedir. Sekiz say\u0131s\u0131n\u0131n geometrik bezeklerle verildi\u011fi bu kompozisyon k\u00f6\u015feleri \u0131\u015fk\u0131n s\u00fcren bitkisel bezekli kare i\u00e7ine yerle\u015ftirilen dairevi bir ku\u015fakla \u00e7evrilir. Bu panodaki sekiz say\u0131s\u0131 Demeter\u2019in k\u0131z\u0131 Persophone ile ili\u015fkili olmal\u0131d\u0131r. \u00c7\u00fcnk\u00fc Zeus Persophone\u2019nin y\u0131l\u0131n \u00fc\u00e7te ikisini (sekiz ay) yani \u00e7i\u00e7ek a\u00e7ma ve meyve zaman\u0131n\u0131, annesi Demeter\u2019in geri kalan \u00fc\u00e7te birini yani k\u0131\u015f\u0131 da kocas\u0131 Hades\u2019in yan\u0131nda ge\u00e7irmesi kararla\u015ft\u0131rm\u0131\u015ft\u0131r. Demeter tap\u0131m\u0131nda da (efsanesinde) Persephone\u2019den ayr\u0131lmaz. Bu anne k\u0131za \u201cilk tanr\u0131\u00e7a\u201d da denir. Bu sebeplerle anne k\u0131z Belk\u0131s\/ Zeugma mozaiklerinde de birbirinden ayr\u0131lmam\u0131\u015f olup, burada Persophone sekiz say\u0131s\u0131 kural\u0131na g\u00f6re yerle\u015ftirilen geometrik bezeklerle temsil edilmi\u015ftir.<br><strong>Kaynak:Mehmet \u00d6NAL (Arkeolog)<\/strong><\/p>\n","protected":false},"excerpt":{"rendered":"<p>F\u0131rat ile ilgili tanr\u0131lar\u0131 bat\u0131 biti\u015fi\u011finde kare s\u0131\u011f bir havuz i\u00e7inde bu\u011fday ba\u015faklar\u0131 ve \u00e7i\u00e7eklerle ta\u00e7land\u0131r\u0131lm\u0131\u015f, sol omuzu \u00fczerinde bereket boynuzu olan Toprak ve \u00fcr\u00fcn tanr\u0131s\u0131 olan Demeter b\u00fcst\u00fcn\u00fcn oldu\u011fu mozaik yer al\u0131r.<\/p>\n","protected":false},"author":1,"featured_media":5817,"template":"","cpt_portfolio_group":[115],"_links":{"self":[{"href":"https:\/\/zeugma.org.tr\/en-gb\/wp-json\/wp\/v2\/cpt_portfolio\/5815"}],"collection":[{"href":"https:\/\/zeugma.org.tr\/en-gb\/wp-json\/wp\/v2\/cpt_portfolio"}],"about":[{"href":"https:\/\/zeugma.org.tr\/en-gb\/wp-json\/wp\/v2\/types\/cpt_portfolio"}],"author":[{"embeddable":true,"href":"https:\/\/zeugma.org.tr\/en-gb\/wp-json\/wp\/v2\/users\/1"}],"version-history":[{"count":0,"href":"https:\/\/zeugma.org.tr\/en-gb\/wp-json\/wp\/v2\/cpt_portfolio\/5815\/revisions"}],"wp:featuredmedia":[{"embeddable":true,"href":"https:\/\/zeugma.org.tr\/en-gb\/wp-json\/wp\/v2\/media\/5817"}],"wp:attachment":[{"href":"https:\/\/zeugma.org.tr\/en-gb\/wp-json\/wp\/v2\/media?parent=5815"}],"wp:term":[{"taxonomy":"cpt_portfolio_group","embeddable":true,"href":"https:\/\/zeugma.org.tr\/en-gb\/wp-json\/wp\/v2\/cpt_portfolio_group?post=5815"}],"curies":[{"name":"wp","href":"https:\/\/api.w.org\/{rel}","templated":true}]}}